{"id":73,"date":"2015-01-04T20:39:35","date_gmt":"2015-01-04T20:39:35","guid":{"rendered":"http:\/\/www.stop-fracking-kiel.de\/wordpress\/?page_id=73"},"modified":"2015-08-11T21:34:44","modified_gmt":"2015-08-11T21:34:44","slug":"prasdorf","status":"publish","type":"page","link":"http:\/\/www.stop-fracking-kiel.de\/wordpress\/?page_id=73","title":{"rendered":"Prasdorf"},"content":{"rendered":"<p><strong>Informationen \u00fcber das Bewilligungsfeld Prasdorf<\/strong><\/p>\n<p><a href=\"http:\/\/www.stop-fracking-kiel.de\/wordpress\/wp-content\/uploads\/2015\/01\/Lageriss_Prasdorf_optm.pdf\" target=\"_blank\">Lageriss_Prasdorf<\/a>.pdf<\/p>\n<p>&nbsp;<\/p>\n<h4><b>Probstei<\/b><\/h4>\n<h2><strong>Mit gelben St\u00fchlen gegen Fracking<\/strong><\/h2>\n<div id=\"attachment_369\" style=\"width: 310px\" class=\"wp-caption alignleft\"><a href=\"http:\/\/www.stop-fracking-kiel.de\/wordpress\/wp-content\/uploads\/2015\/01\/Mit-gelben-Stuehlen-gegen-Fracking_pdaArticleWide.jpg\"><img loading=\"lazy\" decoding=\"async\" aria-describedby=\"caption-attachment-369\" class=\"size-medium wp-image-369\" src=\"http:\/\/www.stop-fracking-kiel.de\/wordpress\/wp-content\/uploads\/2015\/01\/Mit-gelben-Stuehlen-gegen-Fracking_pdaArticleWide-300x199.jpg\" alt=\"Viele flei\u00dfige H\u00e4nde sorgten daf\u00fcr, dass der Wunsch \u201eKein Platz f\u00fcr Fracking\u201c demn\u00e4chst auch symboltr\u00e4chtig an den Stra\u00dfenr\u00e4ndern zu sehen ist. Quelle: Andrea Seliger\" width=\"300\" height=\"199\" srcset=\"http:\/\/www.stop-fracking-kiel.de\/wordpress\/wp-content\/uploads\/2015\/01\/Mit-gelben-Stuehlen-gegen-Fracking_pdaArticleWide-300x199.jpg 300w, http:\/\/www.stop-fracking-kiel.de\/wordpress\/wp-content\/uploads\/2015\/01\/Mit-gelben-Stuehlen-gegen-Fracking_pdaArticleWide.jpg 505w\" sizes=\"auto, (max-width: 300px) 100vw, 300px\" \/><\/a><p id=\"caption-attachment-369\" class=\"wp-caption-text\">Viele flei\u00dfige H\u00e4nde sorgten daf\u00fcr, dass der Wunsch \u201eKein Platz f\u00fcr Fracking\u201c demn\u00e4chst auch symboltr\u00e4chtig an den Stra\u00dfenr\u00e4ndern zu sehen ist. Quelle: Andrea Seliger<\/p><\/div>\n<p>Die Probstei ist \u201eKein Platz f\u00fcr Fracking\u201c \u2013 das soll in den Tagen vor der Entscheidung im Bundestag zum Thema noch einmal ganz deutlich gemacht werden. Dazu hat die Gruppe Frackingfreie Probstei am Sonntag symbolisch St\u00fchle ohne Sitzfl\u00e4che gestaltet und gelb angemalt. Sie werden demn\u00e4chst in Vorg\u00e4rten und an Hauptstra\u00dfen zu sehen sein.<\/p>\n<div>\n<p><b>Laboe<\/b>. \u201eWir wollen am liebsten, dass die Methode in Deutschland komplett verboten wird\u201c, sagt Jutta Walter von der Gruppe Frackingfreie Probstei. Denn der aktuelle Gesetzesentwurf, f\u00fcr den im Bundestag Anfang Juli die zweite und dritte Lesung ansteht, werde einen Einsatz in der Probstei nicht verhindern. Darin werde lediglich die Ausbeutung von Schiefergas oberhalb 3000 Metern per Fracking verboten. Im \u201eFeld Prasdorf\u201c, das sich bis zur Kieler F\u00f6rde hinzieht, und f\u00fcr das sich die kanadische Firma PRD Energy vor zwei Jahren die sogenannte Bewilligungserlaubnis gesichert hat, geht es jedoch um das restliche \u00d6l im Boden.<\/p>\n<p>Um auf die Entscheidung in Berlin aufmerksam zu machen, setzt die Gruppe nun auf optisch wirksamen Protest \u2013 der per Foto auch in Berlin ankommen soll. Die Idee dazu stamme von Initiativen im Hamburger Raum und aus Niedersachsen, berichtet Jutta Walter. An den Hauptstra\u00dfen sollen gro\u00dfe, weithin sichtbare St\u00fchle aufgestellt werden, mehrere Landwirte haben sich bereits bereiterkl\u00e4rt, daf\u00fcr Fl\u00e4chen zur Verf\u00fcgung zu stellen. Der erste soll am Donnerstag, 25. Juni, gegen 10 Uhr in Wisch platziert werden. Jeder einzelne k\u00f6nne au\u00dferdem mit einem gelben Stuhl im Garten seinen eigenen \u201eClaim\u201c abstecken \u2013 Nachahmer sind erw\u00fcnscht. Das n\u00e4chste Treffen der Gruppe ist \u00fcbrigens am Donnerstag, 9. Juli, ab 19 Uhr im Lutterbeker.<\/p>\n<p>Neben dem Feld Prasdorf sind im Kreis Pl\u00f6n noch drei weitere Bewilligungserlaubnisse vergeben, diese h\u00e4lt die RWE Dea. Aus wirtschaftlichen Gr\u00fcnden hatten sowohl die RWE-Dea als auch die PRD Energy angek\u00fcndigt, ihre \u00d6lf\u00f6rderpl\u00e4ne auf Eis zu legen: Zum einen sei der \u00d6lpreis gesunken, zum anderen habe die Landesregierung den F\u00f6rderzins erh\u00f6ht. Das Misstrauen, die Konzerne k\u00f6nnten bei steigendem \u00d6lpreis, ihre F\u00f6rderpl\u00e4ne wieder aufnehmen und dann auch Fracking nutzen, h\u00e4lt sich jedoch.<\/p>\n<p>Wie man dies verhindern kann, wird auf mehreren Ebenen diskutiert. Zurzeit herrscht in Schleswig-Holstein ein Fracking-Moratorium, in Niedersachsen wird die Technologie bereits angewendet.<\/p>\n<p><em>Von Andrea Seliger, 21.06.2015<\/em><\/p>\n<\/div>\n","protected":false},"excerpt":{"rendered":"<p>Informationen \u00fcber das Bewilligungsfeld Prasdorf Lageriss_Prasdorf.pdf &nbsp; Probstei Mit gelben St\u00fchlen gegen Fracking Die Probstei ist \u201eKein Platz f\u00fcr Fracking\u201c \u2013 das soll in den Tagen vor der Entscheidung im Bundestag zum Thema noch einmal ganz deutlich gemacht werden. Dazu hat die Gruppe Frackingfreie Probstei am Sonntag symbolisch St\u00fchle ohne Sitzfl\u00e4che gestaltet und gelb angemalt. <a href='http:\/\/www.stop-fracking-kiel.de\/wordpress\/?page_id=73' class='excerpt-more'>[&#8230;]<\/a><\/p>\n","protected":false},"author":1,"featured_media":0,"parent":0,"menu_order":0,"comment_status":"closed","ping_status":"closed","template":"","meta":{"footnotes":""},"class_list":["post-73","page","type-page","status-publish","hentry","post-seq-1","post-parity-odd","meta-position-corners","fix"],"_links":{"self":[{"href":"http:\/\/www.stop-fracking-kiel.de\/wordpress\/index.php?rest_route=\/wp\/v2\/pages\/73","targetHints":{"allow":["GET"]}}],"collection":[{"href":"http:\/\/www.stop-fracking-kiel.de\/wordpress\/index.php?rest_route=\/wp\/v2\/pages"}],"about":[{"href":"http:\/\/www.stop-fracking-kiel.de\/wordpress\/index.php?rest_route=\/wp\/v2\/types\/page"}],"author":[{"embeddable":true,"href":"http:\/\/www.stop-fracking-kiel.de\/wordpress\/index.php?rest_route=\/wp\/v2\/users\/1"}],"replies":[{"embeddable":true,"href":"http:\/\/www.stop-fracking-kiel.de\/wordpress\/index.php?rest_route=%2Fwp%2Fv2%2Fcomments&post=73"}],"version-history":[{"count":6,"href":"http:\/\/www.stop-fracking-kiel.de\/wordpress\/index.php?rest_route=\/wp\/v2\/pages\/73\/revisions"}],"predecessor-version":[{"id":373,"href":"http:\/\/www.stop-fracking-kiel.de\/wordpress\/index.php?rest_route=\/wp\/v2\/pages\/73\/revisions\/373"}],"wp:attachment":[{"href":"http:\/\/www.stop-fracking-kiel.de\/wordpress\/index.php?rest_route=%2Fwp%2Fv2%2Fmedia&parent=73"}],"curies":[{"name":"wp","href":"https:\/\/api.w.org\/{rel}","templated":true}]}}